{"version":"1.0","provider_name":"Menek\u00fclj!","provider_url":"https:\/\/menekulj.cafeblog.hu","author_name":"T\u00fal\u00e9l\u0151","author_url":"https:\/\/menekulj.cafeblog.hu\/author\/tulelo\/","title":"Kitan\u00edttattalak","html":"<p>Egy cs\u00fct\u00f6rt\u00f6k \u00e9jjel - okt\u00f3ber elej\u00e9n - r\u00e1m\u00edrt a kereszttes\u00f3m.<\/p>\r\n<p>Milyen j\u00f3, hogy van messenger, mi?<\/p>\r\n<p><strong>Na, m\u0171tik m\u00e1r ap\u00e1dat?<\/strong><\/p>\r\n<p>MIVANBAZDMEG?<\/p>\r\n<p>Mes\u00e9lj, mit tudsz?<\/p>\r\n<p>Sok-sok \u00e9ve Frankfurt mellett \u00e9l\u0151 kereszttes\u00f3m \u00edrni kezdett. (Kapcsolatunk nem sok van, de a keresztsz\u00fcl\u0151s\u00e9g - mondhatni - ap\u00e1r\u00f3l fi\u00fara, azaz any\u00e1r\u00f3l l\u00e1ny\u00e1ra sz\u00e1llt. Az \u0151 sz\u00fclei nekem keresztsz\u00fcl\u0151k, \u00e9s viszont. \u0150 lett a nagyl\u00e1nyom keresztanyja, m\u00edg \u00e9n az \u0151 fi\u00e1\u00e9. \u00c9s azt\u00e1n itt meg is szakad...)<\/p>\r\n<p>Hogy az apja, a keresztap\u00e1m mondta neki, hogy besz\u00e9ltek, \u00e9s ap\u00e1m mondta neki, hogy most megy m\u0171t\u00e9tre.<\/p>\r\n<p>MIVANBAZDMEG?<\/p>\r\n<p>Akkor te t\u00f6bbet tudsz mint \u00e9n.<\/p>\r\n<p>\u00c9s sz\u00f3t sz\u00f3t k\u00f6vetett, nem igaz\u00e1n akarta \u00e9rteni, hogy <a href=\"https:\/\/menekulj.cafeblog.hu\/2020\/07\/22\/persze-hogy-szolok\/\" target=\"_blank\" rel=\"noopener\">meg\u00edg\u00e9rtettem<\/a>...<\/p>\r\n<p>M\u00e1snap neki\u00e1lltam kapcsolatot keresni a p\u00e9csi klinik\u00e1hoz, ugyan kit k\u00e9ne felh\u00edvni.<\/p>\r\n<p>Vettem a b\u00e1tors\u00e1got, \u00e9s - egy \u00e9letem, egy hal\u00e1lom - megcs\u00f6rgettem az igazgat\u00e1si irod\u00e1t - jobb \u00f6tletem nem volt. :)<\/p>\r\n<p>A h\u00f6lgy m\u00e9ltatlankodott, hogy ez az igazgat\u00e1s titk\u00e1rs\u00e1ga, de azt\u00e1n s\u00edrva emondtam neki, hogy nem tudok semmit, csak hogy tal\u00e1n megm\u0171t\u00f6tt\u00e9k az \u00e9jjel. \u00c9s k\u00e9rem, adjon legyen sz\u00edves felvil\u00e1gos\u00edt\u00e1st.<\/p>\r\n<p>Persze \u0151 jogszer\u0171en: Csak nem gondolja, hogy szem\u00e9lyes adatokat adok ki bemond\u00e1sra?<\/p>\r\n<p>Mondtam tov\u00e1bb, <a href=\"https:\/\/menekulj.cafeblog.hu\/2020\/07\/22\/persze-hogy-szolok\/\" target=\"_blank\" rel=\"noopener\">amit megbesz\u00e9lt\u00fcnk ap\u00e1mmal<\/a>. Hogy tal\u00e1n ott vagyok a bor\u00edt\u00e9kon...<\/p>\r\n<p>Nem, nem szerepelt a nevem az adatlapj\u00e1n...<\/p>\r\n<p>Viszont megtudtam v\u00e9g\u00fcl, hosszas adategyeztet\u00e9s ut\u00e1n, hogy igen, t\u00fal van rajta, most vitt\u00e9k ki oszt\u00e1lyra. Odacs\u00f6r\u00f6gnek.<\/p>\r\n[caption id=\"attachment_56\" align=\"aligncenter\" width=\"600\"]<img class=\"size-large wp-image-56\" src=\"https:\/\/menekulj.cafeblog.hu\/files\/2020\/07\/surgery-1822458_1280-600x400.jpg\" alt=\"\" width=\"600\" height=\"400\" \/> Na, m\u0171tik m\u00e1r ap\u00e1dat?[\/caption]\r\n<p>&nbsp;<\/p>\r\n<p>N\u0151v\u00e9rke vette fel, most nem tudja adni, sokan vannak m\u00e9g k\u00f6r\u00fcl\u00f6tte.<\/p>\r\n<p>Este ap\u00e1m ennek k\u00f6vetkezt\u00e9ben k\u00fcld\u00f6tt egy \u00fczit: aludtam, most keltem. Vagy valami ilyesmit.<\/p>\r\n<p>M\u00e1snap \u00f6sszefutottam a munkahelyemen egy p\u00e9csi koll\u00e9g\u00e1val. Jelnek tekintettem, mennem k\u00e9ne. Koll\u00e9g\u00e1val vonatoztam m\u00e1snap.<\/p>\r\n<p>Nagyj\u00e1b\u00f3l reggel 8-t\u00f3l \u00e9jf\u00e9lig tartott a kir\u00e1ndul\u00e1s, m\u00edg otthonr\u00f3l \u00fajra haza\u00e9rtem. Ebbe m\u00e1sf\u00e9l \u00f3ra k\u00f3rh\u00e1zl\u00e1togat\u00e1s f\u00e9rt bele.<\/p>\r\n<p>Szerencs\u00e9re a koll\u00e9ga kocsija ott \u00e1llt az \u00e1llom\u00e1son, \u00edgy \u0151 vitt a klinik\u00e1ig, \u00e9s \u00e9rtem is j\u00f6tt, hogy ne k\u00e9ssem le a vonatot.\u00a0<\/p>\r\n<p>Ap\u00e1m arra \u00e9bredt, hogy bej\u00f6tt egy \u00e1pol\u00f3n\u0151 a gy\u00f3gyszereiket osztani.<\/p>\r\n<p>A m\u00e1sf\u00e9l \u00f3r\u00e1ban annyit b\u00edrt k\u00e9rdezni, hogy van-e valakim, \u00e9s hogy hol lakom. A l\u00e1nyokr\u00f3l semmit.<\/p>\r\n<p>Ellenben \u00fajra v\u00e9gighallgathattam, hogyan zajlott le J. betegs\u00e9ge, hogyan hordta orvoshoz, ki mit int\u00e9zett, kit mire b\u00e9relt fel, hogy a temetkez\u00e9si hivatalban is minden el van rendezve, kifizetett mindent, ha nem menne haza...<\/p>\r\n<p>\u00c9s elmes\u00e9lte azt is, k\u00f6ny\u00f6rtelen\u00fcl, hogy a ny\u00e1ron voltak exany\u00f3somn\u00e1l, mert J. el akart k\u00f6sz\u00f6nni.<\/p>\r\n<p>MIVANBAZDMEG?<\/p>\r\n<p>Az unok\u00e1it ap\u00e1m csak akkor l\u00e1tta, ha mi ment\u00fcnk, cirka 15 \u00e9ve fel\u00e9nk se n\u00e9ztek. Any\u00f3ssal meg rendszeresen telefonoztak - mint az ut\u00f3bb megtudtuk. \u00c9s elmennek, bazdmeg, elmennek. Oda elmennek elk\u00f6sz\u00f6nni.\u00c1\u00c1\u00c1\u00c1\u00c1\u00c1\u00c1\u00c1\u00c1\u00c1<\/p>\r\n<p>Lefagytam, nem jutottam sz\u00f3hoz.<\/p>\r\n<p>Sz\u00f3t sz\u00f3t k\u00f6vetett, g\u0151z\u00f6m sincs, hogy jutott el od\u00e1ig, hogy kij\u00f6tt bel\u0151le egy m\u00e1sik kedvenc mondatom:<\/p>\r\n<h2>Kitan\u00edttattalak<\/h2>\r\n<p>Na, itt fagytam le igaz\u00e1n.Egy pillanatra k\u00f6pni nyelni nem tudtam, kerestem a szavakat.<\/p>\r\n<p>\u00c9n...<\/p>\r\n<p>Tudom, te ezt mindig k\u00f6sz\u00f6nni fogod.<\/p>\r\n<p>TEJ\u00d3\u00d3\u00d3\u00d3ISTEEEN!!!<\/p>\r\n<p><strong>Valami olyasmit akartam mondani, hogy sosem hoztam r\u00e1 sz\u00e9gyent, s\u0151t<\/strong>. De mire ezt megfogalmaztam volna, mondta \u0151. A mag\u00e1\u00e9t.<\/p>\r\n<p>Itt borult r\u00e1m a j\u00f3t\u00e9kony f\u00e1tyol, amin kereszt\u00fcl k\u00edv\u00fclr\u0151l l\u00e1ttam magam, \u00e9s a frissen sz\u00edvm\u0171t\u00f6tt ap\u00e1mat, aki \u00fagy \u00fcl az \u00e1gyon, mint akivel misem t\u00f6rt\u00e9nt volna, amint megjelent az \u00f6cs\u00e9m, aki annyit b\u00edrt csak k\u00e9rdezni, hogy mivel j\u00f6ttem... L\u00e1ttam magam k\u00edv\u00fclr\u0151l, amint befejezz\u00fck a besz\u00e9lget\u00e9st, ahogy megcs\u00f6rgetem a koll\u00e9g\u00e1t, \u00e9s szinte \u00f6ntudatlan kis\u00e9t\u00e1lok a k\u00f3rteremb\u0151l.<\/p>\r\n<p>Valami olyasmit b\u00edrtam m\u00e9g mondani - hiszen most is meg\u00edg\u00e9rtettem vele, hogy sz\u00f3l, ha kiker\u00fcl, ha levitt\u00e9k a szanat\u00f3riumba, ha onnan haza megy, ha m\u00e1r van temet\u00e9si id\u0151pont...- , hogy minden att\u00f3l f\u00fcgg, hogy milyen gondolatokkal \u00e9bred holnap...<\/p>\r\n<p>&nbsp;<\/p>","type":"rich","thumbnail_url":"https:\/\/menekulj.cafeblog.hu\/files\/2020\/07\/surgery-1822458_1280-150x150.jpg","thumbnail_width":150,"thumbnail_height":150}